{"id":94,"date":"2023-05-09T14:01:53","date_gmt":"2023-05-09T11:01:53","guid":{"rendered":"https:\/\/rakastampere.fi\/jasenille\/?page_id=94"},"modified":"2025-01-09T09:58:27","modified_gmt":"2025-01-09T07:58:27","slug":"vuoden-tamperelainen","status":"publish","type":"page","link":"https:\/\/rakastampere.fi\/jasenille\/vuoden-tamperelainen\/","title":{"rendered":"Vuoden tamperelainen"},"content":{"rendered":"\n<p>Kaupunkilehti Tamperelainen, Tampere Tunnetuksi ja YLE Tampere etsiv\u00e4t vuosittain Vuoden tamperelaisen. Vuoden tamperelainen -tittelist\u00e4 on j\u00e4rjestetty perinteinen yleis\u00f6\u00e4\u00e4nestys jo vuodesta 2002 l\u00e4htien. Katso alta lista kaikista tittelin voittaneista.<\/p>\n\n\n\n<p>Kisan <\/p>\n\n\n\n<p><strong>Vuoden tamperelainen 2025 <\/strong>-kisa on k\u00e4ynniss\u00e4 ja voit \u00e4\u00e4nest\u00e4\u00e4 omaa suosikkiasi ehdokkaista tai nimet\u00e4 oman ehdokkaasi keskiviikkoon 29.1.2025 asti.<\/p>\n\n\n\n<p>Katso ehdokkaista tehdyt videot YLE Tampereen sivuilta: <a href=\"https:\/\/yle.fi\/a\/74-20133577\" target=\"_blank\" rel=\"noopener\" title=\"\">katso videot<\/a><br>\u00c4\u00e4nestys tapahtuu Kaupunkilehti Tamperelaisen sivuilla: <a href=\"https:\/\/www.tamperelainen.fi\/paikalliset\/8192137\" target=\"_blank\" rel=\"noopener\" title=\"\">\u00e4\u00e4nestys<\/a> <\/p>\n\n\n\n<p><strong>Vuoden Tamperelaiset kautta aikain:<\/strong><\/p>\n\n\n\n<p>2024 Nemo Pajula <a href=\"https:\/\/www.tamperelainen.fi\/paikalliset\/6521525\" target=\"_blank\" rel=\"noopener\" title=\"\">&gt;juttu<\/a><\/p>\n\n\n\n<p>2023 Jenni Poikelus&nbsp;<a href=\"https:\/\/www.tamperelainen.fi\/paikalliset\/5773786?fbclid=IwAR1HF9Hh_KfYDnB__y8D1TPRzawKJlPpR4ayRhvIg6ocvy8GAtXu_csTEgE\" target=\"_blank\" rel=\"noreferrer noopener\">&gt;juttu<\/a><\/p>\n\n\n\n<p>2022 Auri Kananen&nbsp;<a href=\"https:\/\/www.tamperelainen.fi\/paikalliset\/4522716\" target=\"_blank\" rel=\"noreferrer noopener\">&gt;juttu<\/a><\/p>\n\n\n\n<p>2021 XY (\u00c4ksy), huumekoira&nbsp;<a href=\"https:\/\/www.tamperelainen.fi\/paikalliset\/3850498\" target=\"_blank\" rel=\"noreferrer noopener\">&gt;juttu<\/a><\/p>\n\n\n\n<p>2020 Topi the dog<\/p>\n\n\n\n<p>2019 Costello Hautam\u00e4ki&nbsp;<a href=\"https:\/\/www.tamperelainen.fi\/paikalliset\/1386973\" target=\"_blank\" rel=\"noreferrer noopener\">&gt;juttu<\/a><\/p>\n\n\n\n<p>2018 Kissakahvila Purnauskis<\/p>\n\n\n\n<p>2017 Patrik Laine<\/p>\n\n\n\n<p>2016 Kissakahvila Purnauskis<\/p>\n\n\n\n<p>2015 Santtu-Matias Rouvali<\/p>\n\n\n\n<p>2014 Ilkka ja Kaija Erkkil\u00e4, Roskasakki<\/p>\n\n\n\n<p>2013 Ilves, jalkapalloilijat<\/p>\n\n\n\n<p>2012 Marko Suksi<\/p>\n\n\n\n<p>2011 tv-poliisit Janne Rauma ja Kari Palonen<\/p>\n\n\n\n<p>2010 Pate Mustaj\u00e4rvi<\/p>\n\n\n\n<p>2009 Ransu-koira<\/p>\n\n\n\n<p>2008 Popeda<\/p>\n\n\n\n<p>2007 Kiira Korpi<\/p>\n\n\n\n<p>2006 Tommi Evil\u00e4<\/p>\n\n\n\n<p>2005 Eila Roine<\/p>\n\n\n\n<p>2004 Simo Frang\u00e9n<\/p>\n\n\n\n<p>2003 Simo Frang\u00e9n<\/p>\n\n\n\n<p>2002 Simo Frang\u00e9n<\/p>\n\n\n\n<figure class=\"wp-block-image size-large\"><img loading=\"lazy\" decoding=\"async\" width=\"1024\" height=\"413\" src=\"https:\/\/rakastampere.fi\/jasenille\/wp-content\/uploads\/sites\/2\/2025\/01\/Logo-vuodentamperelainen2023-1024x413.png\" alt=\"\" class=\"wp-image-1193\" srcset=\"https:\/\/rakastampere.fi\/jasenille\/wp-content\/uploads\/sites\/2\/2025\/01\/Logo-vuodentamperelainen2023-1024x413.png 1024w, https:\/\/rakastampere.fi\/jasenille\/wp-content\/uploads\/sites\/2\/2025\/01\/Logo-vuodentamperelainen2023-800x323.png 800w, https:\/\/rakastampere.fi\/jasenille\/wp-content\/uploads\/sites\/2\/2025\/01\/Logo-vuodentamperelainen2023-768x310.png 768w, https:\/\/rakastampere.fi\/jasenille\/wp-content\/uploads\/sites\/2\/2025\/01\/Logo-vuodentamperelainen2023-1200x484.png 1200w, https:\/\/rakastampere.fi\/jasenille\/wp-content\/uploads\/sites\/2\/2025\/01\/Logo-vuodentamperelainen2023.png 1254w\" sizes=\"auto, (max-width: 1024px) 100vw, 1024px\" \/><\/figure>\n","protected":false},"excerpt":{"rendered":"<p>Kaupunkilehti Tamperelainen, Tampere Tunnetuksi ja YLE Tampere etsiv\u00e4t vuosittain Vuoden tamperelaisen. Vuoden tamperelainen -tittelist\u00e4 on j\u00e4rjestetty perinteinen yleis\u00f6\u00e4\u00e4nestys jo vuodesta 2002 l\u00e4htien. Katso alta lista kaikista tittelin voittaneista. Kisan Vuoden tamperelainen 2025 -kisa on k\u00e4ynniss\u00e4 ja voit \u00e4\u00e4nest\u00e4\u00e4 omaa suosikkiasi ehdokkaista tai nimet\u00e4 oman ehdokkaasi keskiviikkoon 29.1.2025 asti. Katso ehdokkaista tehdyt videot YLE Tampereen sivuilta: [&hellip;]<\/p>\n","protected":false},"author":3,"featured_media":0,"parent":0,"menu_order":0,"comment_status":"closed","ping_status":"closed","template":"","meta":{"_acf_changed":false,"content-type":"","footnotes":""},"class_list":["post-94","page","type-page","status-publish","hentry"],"acf":[],"aioseo_notices":[],"_links":{"self":[{"href":"https:\/\/rakastampere.fi\/jasenille\/wp-json\/wp\/v2\/pages\/94","targetHints":{"allow":["GET"]}}],"collection":[{"href":"https:\/\/rakastampere.fi\/jasenille\/wp-json\/wp\/v2\/pages"}],"about":[{"href":"https:\/\/rakastampere.fi\/jasenille\/wp-json\/wp\/v2\/types\/page"}],"author":[{"embeddable":true,"href":"https:\/\/rakastampere.fi\/jasenille\/wp-json\/wp\/v2\/users\/3"}],"replies":[{"embeddable":true,"href":"https:\/\/rakastampere.fi\/jasenille\/wp-json\/wp\/v2\/comments?post=94"}],"version-history":[{"count":6,"href":"https:\/\/rakastampere.fi\/jasenille\/wp-json\/wp\/v2\/pages\/94\/revisions"}],"predecessor-version":[{"id":1196,"href":"https:\/\/rakastampere.fi\/jasenille\/wp-json\/wp\/v2\/pages\/94\/revisions\/1196"}],"wp:attachment":[{"href":"https:\/\/rakastampere.fi\/jasenille\/wp-json\/wp\/v2\/media?parent=94"}],"curies":[{"name":"wp","href":"https:\/\/api.w.org\/{rel}","templated":true}]}}