{"id":799,"date":"2024-02-06T11:08:49","date_gmt":"2024-02-06T09:08:49","guid":{"rendered":"https:\/\/rakastampere.fi\/jasenille\/?page_id=799"},"modified":"2024-02-16T14:47:53","modified_gmt":"2024-02-16T12:47:53","slug":"kulttuurikeha_tyopaja2","status":"publish","type":"page","link":"https:\/\/rakastampere.fi\/jasenille\/kulttuurikeha_tyopaja2\/","title":{"rendered":"Kulttuurikeh\u00e4n yritys- ja kulttuuriverkoston toinen ty\u00f6paja 21.2.2024"},"content":{"rendered":"\n<p>Kulttuurikeh\u00e4n yritys- ja kulttuuriverkoston toinen yhteinen ty\u00f6paja<br>j\u00e4rjestet\u00e4\u00e4n keskiviikkona <strong>21.2.2024. klo 8.30-11<\/strong>.<br><br>Tapaaminen pidet\u00e4\u00e4n kaupunkikehitt\u00e4misen ja -suunnittelun<br>esittelytilassa Siluetissa (Linja-autoaseman rakennus, Hatanp\u00e4\u00e4n valtatie 7).<\/p>\n\n\n\n<p>Tavoitteena on jatkaa 13.12. pidetyn ty\u00f6pajan hengess\u00e4, mutta ottaa askelia eteenp\u00e4in uusien palveluiden, liiketoimintakonseptien, tapahtumien jne. ideoinnin parissa ja verkostoitua yh\u00e4 tiiviimmin alueen toimijoiden kesken.<br><br><strong>Ennen kaikkea syvenn\u00e4mme ja kehit\u00e4mme ensimm\u00e4isess\u00e4 ty\u00f6pajassa esille nousseita teemoja.<\/strong><\/p>\n\n\n\n<p>Ty\u00f6pajan vet\u00e4v\u00e4t kaupallistamiseen ja palvelumuotoiluun erikoistuneet <strong>Minna Leno<\/strong> ja <strong>Maria Falcken<\/strong> <a href=\"https:\/\/www.kaleidoscope.fi\" target=\"_blank\" rel=\"noopener\" title=\"\">Kaleidoskopesta<\/a>. Ty\u00f6pajan j\u00e4lkeen Minna ja Maria my\u00f6s jatkavat ideoiden muotoilua raportoitaviksi palveluiksi ja tuotteiksi.<\/p>\n\n\n\n<p>T<strong>ampereen kaupungin puolesta l\u00e4mpim\u00e4sti tervetuloa!<\/strong><br>kehitt\u00e4misp\u00e4\u00e4llikk\u00f6 Jaakko Laurila<br>markkinointi- ja viestint\u00e4suunnittelija Noora Kumpulainen ja Marjo Vihavainen<br>projektip\u00e4\u00e4llikk\u00f6 Niina Niiniluoto<br>hankekehitysp\u00e4\u00e4llikk\u00f6 Mikko Siitonen<\/p>\n\n\n\n<p><strong>Tilaisuus on maksuton.<\/strong><br>Ilmoittautuminen on p\u00e4\u00e4ttynyt, kysy osallistumismahdollisuutta.<\/p>\n\n\n\n<p>Tietoa ensimm\u00e4isest\u00e4 ty\u00f6pajasta t\u00e4\u00e4lt\u00e4<br><a href=\"https:\/\/rakastampere.fi\/jasenille\/kulttuurikeha\/\" target=\"_blank\" rel=\"noopener\" title=\"\">&gt;&gt; Tilaisuus l\u00e4ntisen keskustan yrityksille ja kulttuurin freelancereille 13.12.2023<\/a><\/p>\n\n\n\n<h2 class=\"wp-block-heading\">Ilmoittaudu mukaan:<\/h2>\n\n\n\n<p><strong>KESKIVIIKKO 21.2.2024<\/strong><br>klo 8.30-11<br>kaupunkikehitt\u00e4misen ja -suunnittelun esittelytila Siluetti<br>Linja-autoaseman rakennus, Hatanp\u00e4\u00e4n valtatie 7<\/p>\n\n\n\n<p><\/p>\n\n\n\n<p><strong>Lis\u00e4tiedot:<\/strong><\/p>\n\n\n\n<p>Tampereen kaupunki<br>Markkinointi- ja viestint\u00e4suunnittelija<br>Noora Kumpulainen<br>p. 044 481 1545<br>noora.kumpulainen @tampere.fi<\/p>\n","protected":false},"excerpt":{"rendered":"<p>Kulttuurikeh\u00e4n yritys- ja kulttuuriverkoston toinen yhteinen ty\u00f6pajaj\u00e4rjestet\u00e4\u00e4n keskiviikkona 21.2.2024. klo 8.30-11. Tapaaminen pidet\u00e4\u00e4n kaupunkikehitt\u00e4misen ja -suunnittelunesittelytilassa Siluetissa (Linja-autoaseman rakennus, Hatanp\u00e4\u00e4n valtatie 7). Tavoitteena on jatkaa 13.12. pidetyn ty\u00f6pajan hengess\u00e4, mutta ottaa askelia eteenp\u00e4in uusien palveluiden, liiketoimintakonseptien, tapahtumien jne. ideoinnin parissa ja verkostoitua yh\u00e4 tiiviimmin alueen toimijoiden kesken. Ennen kaikkea syvenn\u00e4mme ja kehit\u00e4mme ensimm\u00e4isess\u00e4 ty\u00f6pajassa esille [&hellip;]<\/p>\n","protected":false},"author":4,"featured_media":0,"parent":0,"menu_order":0,"comment_status":"closed","ping_status":"closed","template":"","meta":{"_acf_changed":false,"content-type":"","footnotes":""},"class_list":["post-799","page","type-page","status-publish","hentry"],"acf":[],"aioseo_notices":[],"_links":{"self":[{"href":"https:\/\/rakastampere.fi\/jasenille\/wp-json\/wp\/v2\/pages\/799","targetHints":{"allow":["GET"]}}],"collection":[{"href":"https:\/\/rakastampere.fi\/jasenille\/wp-json\/wp\/v2\/pages"}],"about":[{"href":"https:\/\/rakastampere.fi\/jasenille\/wp-json\/wp\/v2\/types\/page"}],"author":[{"embeddable":true,"href":"https:\/\/rakastampere.fi\/jasenille\/wp-json\/wp\/v2\/users\/4"}],"replies":[{"embeddable":true,"href":"https:\/\/rakastampere.fi\/jasenille\/wp-json\/wp\/v2\/comments?post=799"}],"version-history":[{"count":8,"href":"https:\/\/rakastampere.fi\/jasenille\/wp-json\/wp\/v2\/pages\/799\/revisions"}],"predecessor-version":[{"id":820,"href":"https:\/\/rakastampere.fi\/jasenille\/wp-json\/wp\/v2\/pages\/799\/revisions\/820"}],"wp:attachment":[{"href":"https:\/\/rakastampere.fi\/jasenille\/wp-json\/wp\/v2\/media?parent=799"}],"curies":[{"name":"wp","href":"https:\/\/api.w.org\/{rel}","templated":true}]}}