{"id":635,"date":"2023-12-08T14:46:32","date_gmt":"2023-12-08T12:46:32","guid":{"rendered":"https:\/\/rakastampere.fi\/jasenille\/?page_id=635"},"modified":"2024-09-11T14:42:53","modified_gmt":"2024-09-11T11:42:53","slug":"markkinointi","status":"publish","type":"page","link":"https:\/\/rakastampere.fi\/jasenille\/markkinointi\/","title":{"rendered":"Markkinoidaan yhdess\u00e4!"},"content":{"rendered":"\n<p>Tampere Tunnetuksi ry:n j\u00e4senen\u00e4 organisaatiosi p\u00e4\u00e4see mukaan laajoihin markkinointitoimiin, joissa hy\u00f6dynnet\u00e4\u00e4n kaupungin upeaa tapahtumatarjontaa. Yhdess\u00e4 tehtyn\u00e4 markkinointi on tehokkaampaa, huomiota her\u00e4tt\u00e4v\u00e4mp\u00e4\u00e4 ja edullisempaa.  <\/p>\n\n\n\n<blockquote class=\"wp-block-quote is-layout-flow wp-block-quote-is-layout-flow\">\n<p class=\"has-green-color has-text-color\">Yhteismarkkinointi hy\u00f6dytt\u00e4\u00e4 jokaista kivijalkayritt\u00e4j\u00e4\u00e4. <\/p>\n<\/blockquote>\n\n\n\n<p>Tampere Tunnetuksi ry k\u00e4ytt\u00e4\u00e4 Tampereen keskusta-alueen markkinointiin noin 150 000 \u20ac vuodessa. J\u00e4senyritys p\u00e4\u00e4see mukaan eduista murto-osalla tuosta hinnasta valitsemalla itselleen sopivan toimintamallin Rakas Tampere-yhteismarkkinointipaketeista. Valinnassa avustaa ja neuvoo yhdistyksen kaupallinen tuottaja.<\/p>\n\n\n\n<p>Toiminnan ydinajatus on luoda Tampereen keskustasta kiinnostava kohde niin tapahtumien, ravintoloiden, palveluiden kuin ostosmahdollisuuksienkin puolesta. Mit\u00e4 enemm\u00e4n saamme luotua innostusta tulla keskustaan, sit\u00e4 enemm\u00e4n hy\u00f6tyy jokainen kivijalkayritt\u00e4j\u00e4!<\/p>\n\n\n\n<blockquote class=\"wp-block-quote is-layout-flow wp-block-quote-is-layout-flow\">\n<p class=\"has-green-color has-text-color\">Tampereen kaupungin keskustayritt\u00e4jille tuoma apu yhdess\u00e4 Tampere Tunnetuksi ry:n kanssa on maksuttomasta Tampere.Finland -sovelluksesta l\u00f6ytyv\u00e4 Rakas Tampere Passi. <\/p>\n<\/blockquote>\n\n\n\n<p><a href=\"https:\/\/rakastampere.fi\/jasenille\/passi\/\" title=\"Rakas Tampere Passi\">Rakas Tampere Passi<\/a> etu l\u00f6ytyy kaikista Rakas Tampere -markkinointipaketeista ja passi markkinoikin j\u00e4senyrityksi\u00e4 vuoden ymp\u00e4ri.<\/p>\n\n\n\n<p><br>Vuoden 2024 kaupunkitapahtumiin pohjautuva yhteiskampanjointi luodaan erilaisiin media-alustoihin, esimerkiksi kaupunkiin sijoitettuihin digitaalisiin n\u00e4ytt\u00f6ihin, s\u00e4hk\u00f6iseen lehtimediaan ja sosiaalisen median kampanjointiin tai printtimediaan. N\u00e4iss\u00e4 markkinoidaan niin Rakas Tampere Passia kuin yksitt\u00e4isi\u00e4 j\u00e4seni\u00e4kin erilaisin muodoin. <\/p>\n\n\n\n<p><br><strong>T\u00e4n\u00e4 vuonna Tampere Tunnetuksi ry tekee laajaa kampanjointia seuraavien tapahtumien aikaan:  <\/strong><\/p>\n\n\n\n<ul class=\"wp-block-list\">\n<li>Helmikuussa 2024 \u2013 UMK-kilpailu<\/li>\n\n\n\n<li>Elokuussa 2024 \u2013 Tampereen Teatterikes\u00e4<\/li>\n\n\n\n<li>Lokakuussa 2024 \u2013 Ruudun takaa \/ Tampereen Valoviikkojen 2024 avajaisviikonlopun suurtapahtuma <\/li>\n<\/ul>\n\n\n\n<p><strong>T\u00e4m\u00e4n lis\u00e4ksi vuodessa on kaksi vuodenkiertoon sidottua kokonaisuutta:<\/strong><\/p>\n\n\n\n<ul class=\"wp-block-list\">\n<li>Rakas Tampere Kev\u00e4t <\/li>\n\n\n\n<li>Rakas Tampere Joulu<\/li>\n<\/ul>\n\n\n\n<p>Rakas Tampere Kev\u00e4t ja Rakas Tampere Joulu  kokonaisuuksissa j\u00e4senist\u00f6 voi helposti tilata ajan kohtaiset somisteet liikkeeseen edullisella yhteistilauksella. Tilausajankohdasta ilmoitetaan yhdistyksen viestinn\u00e4ss\u00e4.<\/p>\n\n\n\n<p class=\"has-green-color has-text-color\"><strong>Joulu on kampanjoista suurin. <\/strong><\/p>\n\n\n\n<p>Siell\u00e4 on jo perinteisi\u00e4 yhteismarkkinoinnin muotoja, kuten:<\/p>\n\n\n\n<ul class=\"wp-block-list\">\n<li>Tampereen Joulu -lehti <strong>(EDIT: 11.9.2024 tehdyn p\u00e4\u00e4t\u00f6ksen mukaan emme luo perinteist\u00e4 joululehte\u00e4 vuonna 2024. Pakettihinnat loppuvuodelle muokataan pikaisesti!) <\/strong><\/li>\n\n\n\n<li>Suosittu Rakas Tampere -joulukalenteriarvonta<\/li>\n\n\n\n<li>Kaunein Jouluikkuna -kilpailu<\/li>\n<\/ul>\n\n\n\n<p>Ilmoittaudu mukaan yhteismarkkinointipaketteihin! Ilmoittautuminen on yhdell\u00e4 lomakkeella helppoa ja vaivatonta. Saat my\u00f6s kaikki aikataulut ajoissa ja p\u00e4\u00e4set valmistustautumaan vuoden markkinointitoimiin rauhassa ilman yll\u00e4tyksi\u00e4. Pakettihinnat ovat alv 0%.<\/p>\n\n\n\n<figure class=\"wp-block-image size-full\"><img loading=\"lazy\" decoding=\"async\" width=\"2200\" height=\"1600\" src=\"https:\/\/rakastampere.fi\/jasenille\/wp-content\/uploads\/sites\/2\/2023\/12\/Mediakortti-markkinoinintipaketit-2024-Rakas-Tampere-1.png\" alt=\"\" class=\"wp-image-653\" srcset=\"https:\/\/rakastampere.fi\/jasenille\/wp-content\/uploads\/sites\/2\/2023\/12\/Mediakortti-markkinoinintipaketit-2024-Rakas-Tampere-1.png 2200w, https:\/\/rakastampere.fi\/jasenille\/wp-content\/uploads\/sites\/2\/2023\/12\/Mediakortti-markkinoinintipaketit-2024-Rakas-Tampere-1-800x582.png 800w, https:\/\/rakastampere.fi\/jasenille\/wp-content\/uploads\/sites\/2\/2023\/12\/Mediakortti-markkinoinintipaketit-2024-Rakas-Tampere-1-1024x745.png 1024w, https:\/\/rakastampere.fi\/jasenille\/wp-content\/uploads\/sites\/2\/2023\/12\/Mediakortti-markkinoinintipaketit-2024-Rakas-Tampere-1-768x559.png 768w, https:\/\/rakastampere.fi\/jasenille\/wp-content\/uploads\/sites\/2\/2023\/12\/Mediakortti-markkinoinintipaketit-2024-Rakas-Tampere-1-1536x1117.png 1536w, https:\/\/rakastampere.fi\/jasenille\/wp-content\/uploads\/sites\/2\/2023\/12\/Mediakortti-markkinoinintipaketit-2024-Rakas-Tampere-1-2048x1489.png 2048w, https:\/\/rakastampere.fi\/jasenille\/wp-content\/uploads\/sites\/2\/2023\/12\/Mediakortti-markkinoinintipaketit-2024-Rakas-Tampere-1-1200x873.png 1200w\" sizes=\"auto, (max-width: 2200px) 100vw, 2200px\" \/><\/figure>\n\n\n\n<p>Lataa Rakas Tampere -yhteismarkkinointitiedot <a href=\"https:\/\/rakastampere.fi\/jasenille\/wp-content\/uploads\/sites\/2\/2023\/12\/Mediakortti-markkinoinintipaketit-2024-Rakas-Tampere-2.pdf\" title=\"\">pdf-versiona t\u00e4st\u00e4<\/a>. <\/p>\n\n\n\n<p class=\"has-white-color has-green-background-color has-text-color has-background\">Paketoimalla toiveesi yhteisty\u00f6n muodosta s\u00e4\u00e4st\u00e4t euroja erityisesti mit\u00e4 isommaksi pakettisi kasvaa! XXL-koossa jo valmiiksi edullisesta markkinointipaketista saa yli 1300 euron verran lis\u00e4alennusta. <\/p>\n\n\n\n\n\n\n<p>Kaikissa paketteihin ja liittyviss\u00e4 kysymyksiss\u00e4 ota kynnyksett\u00e4 yhteytt\u00e4 kaupalliseen tuottajaan!<\/p>\n","protected":false},"excerpt":{"rendered":"<p>Tampere Tunnetuksi ry:n j\u00e4senen\u00e4 organisaatiosi p\u00e4\u00e4see mukaan laajoihin markkinointitoimiin, joissa hy\u00f6dynnet\u00e4\u00e4n kaupungin upeaa tapahtumatarjontaa. Yhdess\u00e4 tehtyn\u00e4 markkinointi on tehokkaampaa, huomiota her\u00e4tt\u00e4v\u00e4mp\u00e4\u00e4 ja edullisempaa. Yhteismarkkinointi hy\u00f6dytt\u00e4\u00e4 jokaista kivijalkayritt\u00e4j\u00e4\u00e4. Tampere Tunnetuksi ry k\u00e4ytt\u00e4\u00e4 Tampereen keskusta-alueen markkinointiin noin 150 000 \u20ac vuodessa. J\u00e4senyritys p\u00e4\u00e4see mukaan eduista murto-osalla tuosta hinnasta valitsemalla itselleen sopivan toimintamallin Rakas Tampere-yhteismarkkinointipaketeista. Valinnassa avustaa ja [&hellip;]<\/p>\n","protected":false},"author":5,"featured_media":0,"parent":0,"menu_order":0,"comment_status":"closed","ping_status":"closed","template":"","meta":{"_acf_changed":false,"content-type":"","footnotes":""},"class_list":["post-635","page","type-page","status-publish","hentry"],"acf":[],"aioseo_notices":[],"_links":{"self":[{"href":"https:\/\/rakastampere.fi\/jasenille\/wp-json\/wp\/v2\/pages\/635","targetHints":{"allow":["GET"]}}],"collection":[{"href":"https:\/\/rakastampere.fi\/jasenille\/wp-json\/wp\/v2\/pages"}],"about":[{"href":"https:\/\/rakastampere.fi\/jasenille\/wp-json\/wp\/v2\/types\/page"}],"author":[{"embeddable":true,"href":"https:\/\/rakastampere.fi\/jasenille\/wp-json\/wp\/v2\/users\/5"}],"replies":[{"embeddable":true,"href":"https:\/\/rakastampere.fi\/jasenille\/wp-json\/wp\/v2\/comments?post=635"}],"version-history":[{"count":25,"href":"https:\/\/rakastampere.fi\/jasenille\/wp-json\/wp\/v2\/pages\/635\/revisions"}],"predecessor-version":[{"id":1031,"href":"https:\/\/rakastampere.fi\/jasenille\/wp-json\/wp\/v2\/pages\/635\/revisions\/1031"}],"wp:attachment":[{"href":"https:\/\/rakastampere.fi\/jasenille\/wp-json\/wp\/v2\/media?parent=635"}],"curies":[{"name":"wp","href":"https:\/\/api.w.org\/{rel}","templated":true}]}}