{"id":595,"date":"2023-11-22T14:56:12","date_gmt":"2023-11-22T12:56:12","guid":{"rendered":"https:\/\/rakastampere.fi\/jasenille\/?page_id=595"},"modified":"2024-02-16T14:46:19","modified_gmt":"2024-02-16T12:46:19","slug":"kulttuurikeha","status":"publish","type":"page","link":"https:\/\/rakastampere.fi\/jasenille\/kulttuurikeha\/","title":{"rendered":"Kulttuurikeh\u00e4n yritysverkoston aamustartti 13.12.2023"},"content":{"rendered":"\n<p>Tampereen l\u00e4ntisen keskusta-alueen Kulttuurikeh\u00e4 ottaa seuraavan askeleen.<\/p>\n\n\n\n<p>Tampereen kaupunki kutsuu alueen kivijalkayritt\u00e4j\u00e4t, kulttuuriyritykset sek\u00e4 freelancertoimijat mukaan innostavaan starttiin. Tilaisuudessa saadaan konkreettista tietoa Tammerkosken l\u00e4nsipuolelle sijoittuvasta tuoreesta kaupunkikehityshankkeesta, Kulttuurikeh\u00e4st\u00e4, sek\u00e4 ideoidaan keinoja, joilla yritykset voivat tehd\u00e4 yhteisty\u00f6t\u00e4 kulttuuritoimijoiden kanssa, olla mukana hankkeessa ja lis\u00e4t\u00e4 alueen imua.<\/p>\n\n\n\n<p>Tilaisuus on maksuton.<\/p>\n\n\n\n<h2 class=\"wp-block-heading\">Ohjelma<\/h2>\n\n\n\n<p><strong>8:30 Aamukahvi ja s\u00e4mpyl\u00e4 tarjolla<\/strong><\/p>\n\n\n\n<p><strong>8:45 Tilaisuus alkaa<\/strong><br>Monna Salmi, Tampereen kaupunki &#8211; yritysverkostojen palvelut<\/p>\n\n\n\n<p><strong>9:00 Kulttuurikeh\u00e4 \u2013 mik\u00e4 keh\u00e4 ja kenelle?<\/strong><br>Jaakko Laurila, Tampereen kaupunki \u2013 kulttuuri ja vapaa-aika<br>Mikko Siitonen ja Noora Kumpulainen, Tampereen kaupunki \u2013 keskustan kehitt\u00e4misohjelma<\/p>\n\n\n\n<p><strong>9:30 Kulttuurista lis\u00e4arvoa ja lis\u00e4tuloa omaan liiketoimintaan<\/strong><br>Susanna Ihanus, Pirkanmaan luovat tuottajat<\/p>\n\n\n\n<p><strong>9:50 Fasilitoitu verkostoituminen ja ideoiden talteen nappaaminen<\/strong><br>Ideoidaan omien organisaatioiden mahdollisuuksia ja tuotteita joilla voi olla mukana Kulttuurikeh\u00e4ss\u00e4<br>vuorovaikutuksen ammattilainen, fasilitaattori Emma J\u00e4ntti<\/p>\n\n\n\n<p><strong>11:00 Tilaisuus p\u00e4\u00e4ttyy<\/strong><\/p>\n\n\n\n<h2 class=\"wp-block-heading\">Ilmoittaudu mukaan:<\/h2>\n\n\n\n<p><strong>KESKIVIIKKO 13.12.2023<\/strong><br>klo 8.30-11<br>Ty\u00f6v\u00e4enmuseo Werstas, Bertel -tila<br>V\u00e4in\u00f6 Linnan aukio 8 <\/p>\n\n\n\n<figure class=\"wp-block-image size-full\"><img loading=\"lazy\" decoding=\"async\" width=\"1000\" height=\"250\" src=\"https:\/\/rakastampere.fi\/jasenille\/wp-content\/uploads\/sites\/2\/2023\/11\/EU_vipuvoima_tampere.jpg\" alt=\"\" class=\"wp-image-613\" srcset=\"https:\/\/rakastampere.fi\/jasenille\/wp-content\/uploads\/sites\/2\/2023\/11\/EU_vipuvoima_tampere.jpg 1000w, https:\/\/rakastampere.fi\/jasenille\/wp-content\/uploads\/sites\/2\/2023\/11\/EU_vipuvoima_tampere-800x200.jpg 800w, https:\/\/rakastampere.fi\/jasenille\/wp-content\/uploads\/sites\/2\/2023\/11\/EU_vipuvoima_tampere-768x192.jpg 768w\" sizes=\"auto, (max-width: 1000px) 100vw, 1000px\" \/><\/figure>\n\n\n\n<figure class=\"wp-block-image size-full is-resized\"><img loading=\"lazy\" decoding=\"async\" width=\"753\" height=\"331\" src=\"https:\/\/rakastampere.fi\/jasenille\/wp-content\/uploads\/sites\/2\/2023\/11\/logo-kapea-fin_musta.png\" alt=\"\" class=\"wp-image-615\" style=\"aspect-ratio:2.2749244712990935;width:262px;height:auto\" \/><\/figure>\n\n\n\n<p><strong>Lis\u00e4tiedot:<\/strong><\/p>\n\n\n\n<p>Riikka T\u00f6yt\u00e4ri<br>riikka.toytari@tamperetunnetuksi.fi<br>p. 040 5821949<\/p>\n","protected":false},"excerpt":{"rendered":"<p>Tampereen l\u00e4ntisen keskusta-alueen Kulttuurikeh\u00e4 ottaa seuraavan askeleen. Tampereen kaupunki kutsuu alueen kivijalkayritt\u00e4j\u00e4t, kulttuuriyritykset sek\u00e4 freelancertoimijat mukaan innostavaan starttiin. Tilaisuudessa saadaan konkreettista tietoa Tammerkosken l\u00e4nsipuolelle sijoittuvasta tuoreesta kaupunkikehityshankkeesta, Kulttuurikeh\u00e4st\u00e4, sek\u00e4 ideoidaan keinoja, joilla yritykset voivat tehd\u00e4 yhteisty\u00f6t\u00e4 kulttuuritoimijoiden kanssa, olla mukana hankkeessa ja lis\u00e4t\u00e4 alueen imua. Tilaisuus on maksuton. Ohjelma 8:30 Aamukahvi ja s\u00e4mpyl\u00e4 tarjolla 8:45 [&hellip;]<\/p>\n","protected":false},"author":4,"featured_media":0,"parent":0,"menu_order":0,"comment_status":"closed","ping_status":"closed","template":"","meta":{"_acf_changed":false,"content-type":"","footnotes":""},"class_list":["post-595","page","type-page","status-publish","hentry"],"acf":[],"aioseo_notices":[],"_links":{"self":[{"href":"https:\/\/rakastampere.fi\/jasenille\/wp-json\/wp\/v2\/pages\/595","targetHints":{"allow":["GET"]}}],"collection":[{"href":"https:\/\/rakastampere.fi\/jasenille\/wp-json\/wp\/v2\/pages"}],"about":[{"href":"https:\/\/rakastampere.fi\/jasenille\/wp-json\/wp\/v2\/types\/page"}],"author":[{"embeddable":true,"href":"https:\/\/rakastampere.fi\/jasenille\/wp-json\/wp\/v2\/users\/4"}],"replies":[{"embeddable":true,"href":"https:\/\/rakastampere.fi\/jasenille\/wp-json\/wp\/v2\/comments?post=595"}],"version-history":[{"count":16,"href":"https:\/\/rakastampere.fi\/jasenille\/wp-json\/wp\/v2\/pages\/595\/revisions"}],"predecessor-version":[{"id":818,"href":"https:\/\/rakastampere.fi\/jasenille\/wp-json\/wp\/v2\/pages\/595\/revisions\/818"}],"wp:attachment":[{"href":"https:\/\/rakastampere.fi\/jasenille\/wp-json\/wp\/v2\/media?parent=595"}],"curies":[{"name":"wp","href":"https:\/\/api.w.org\/{rel}","templated":true}]}}