{"id":353,"date":"2023-06-22T10:21:26","date_gmt":"2023-06-22T07:21:26","guid":{"rendered":"https:\/\/rakastampere.fi\/jasenille\/?page_id=353"},"modified":"2023-08-22T11:49:17","modified_gmt":"2023-08-22T08:49:17","slug":"joulu-tampere-2023-kampanja","status":"publish","type":"page","link":"https:\/\/rakastampere.fi\/jasenille\/joulu-tampere-2023-kampanja\/","title":{"rendered":"Joulu Tampere 2023"},"content":{"rendered":"\n<figure class=\"wp-block-image size-full\"><img loading=\"lazy\" decoding=\"async\" width=\"1500\" height=\"1053\" src=\"https:\/\/rakastampere.fi\/jasenille\/wp-content\/uploads\/sites\/2\/2023\/06\/050_Tampereen-joulu_S.jpg\" alt=\"Joulukampanja Tampereella\" class=\"wp-image-354\" srcset=\"https:\/\/rakastampere.fi\/jasenille\/wp-content\/uploads\/sites\/2\/2023\/06\/050_Tampereen-joulu_S.jpg 1500w, https:\/\/rakastampere.fi\/jasenille\/wp-content\/uploads\/sites\/2\/2023\/06\/050_Tampereen-joulu_S-800x562.jpg 800w, https:\/\/rakastampere.fi\/jasenille\/wp-content\/uploads\/sites\/2\/2023\/06\/050_Tampereen-joulu_S-1024x719.jpg 1024w, https:\/\/rakastampere.fi\/jasenille\/wp-content\/uploads\/sites\/2\/2023\/06\/050_Tampereen-joulu_S-768x539.jpg 768w, https:\/\/rakastampere.fi\/jasenille\/wp-content\/uploads\/sites\/2\/2023\/06\/050_Tampereen-joulu_S-1200x842.jpg 1200w, https:\/\/rakastampere.fi\/jasenille\/wp-content\/uploads\/sites\/2\/2023\/06\/050_Tampereen-joulu_S-1325x930.jpg 1325w\" sizes=\"auto, (max-width: 1500px) 100vw, 1500px\" \/><\/figure>\n\n\n\n<h5 class=\"wp-block-heading\"><strong>Tampere Tunnetuksi ry:n kutsuu kaikkia j\u00e4seni\u00e4\u00e4n kampanjoimaan jouluna 2023. <\/strong><\/h5>\n\n\n\n<p>Luodaan j\u00e4lleen yhdess\u00e4 kutsuva Tampereen ydinkeskusta, jossa on niin tunnelmallisia paikkoja, mukaansa tempaavia tapahtumia ja ostoskohteitakin.<\/p>\n\n\n\n<p><\/p>\n\n\n\n<p><strong>Joulun markkinointikokonaisuus koostuu nelj\u00e4st\u00e4 osasta:<\/strong><\/p>\n\n\n\n<ul class=\"wp-block-list\">\n<li>Joululehdest\u00e4  <\/li>\n\n\n\n<li>Kaunein Jouluikkuna -kilpailusta<\/li>\n\n\n\n<li>Sosiaalisen median joulukalenterista <\/li>\n\n\n\n<li>Perinteisest\u00e4 joulunavauksesta ja jouluparaatista 26.11.2023<\/li>\n<\/ul>\n\n\n\n<h5 class=\"wp-block-heading\"><strong>L\u00e4hde mukaan kampanjaan: Ilmoittautumislomake on sivun alaosassa<\/strong>.<\/h5>\n\n\n\n<h2 class=\"wp-block-heading\">JOULULEHTI <\/h2>\n\n\n\n<p>Rakas Tampere julkaisee joululehden, joka jaetaan keskiviikkona 22.11.2023 Pirkanmaalla sijaitseviin talouksiin. Painos on 170000. T\u00e4m\u00e4n lis\u00e4ksi tuhansia kappaleita otetaan jakeluun keskustan liikkeisiin. Kyseess\u00e4 on visuaalinen 32-sivuinen lehti, jonka jouluinen teema n\u00e4kyy my\u00f6s ilmoituksissa. Kyseess\u00e4 ei ole mainoskuvasto, vaan julkaisu on toimitettuja artikkeleita sis\u00e4lt\u00e4v\u00e4 kokonaisuus, joka antaa ostosvinkkien lis\u00e4ksi menovinkkej\u00e4 joulunajan tapahtumiin.<\/p>\n\n\n\n<p><br>Aikaisemmista vuosista poiketen t\u00e4n\u00e4 vuonna lehteen voi tilata advertoriaalin, eli lehtijutun muotoon kirjoitetun ja taitetun lehti-ilmoituksen. Sama teksti julkaistaan my\u00f6s Rakas Tampere \u2013verkkosivuilla.<\/p>\n\n\n\n<p><\/p>\n\n\n\n<p>Vuonna 2023 joulun kampanjalehti tehd\u00e4\u00e4n tyylikk\u00e4\u00e4ll\u00e4 Rakas Tampere -ilmeell\u00e4. Tavoitteena on luoda julkaisu, jossa on runsaasti toimitettuja artikkeleita, ja ett\u00e4 lehti s\u00e4ilytet\u00e4\u00e4n tallessa koko joulunalusajan.<\/p>\n\n\n\n<h6 class=\"wp-block-heading\"><strong>Lehden koko ja jakelu muuttuu aiemmista vuosista! Koko kasvaa (huomaathan, ett\u00e4 vanhat ilmoitukset eiv\u00e4t k\u00e4y en\u00e4\u00e4) ja painomateriaali on aikakauslehtipaperia. Sivuja kansineen on alustavasti 32.<\/strong><\/h6>\n\n\n\n<p>Tampere Tunnetuksi ry ei tee lehdell\u00e4 voittoa, vaan kaikki tulot k\u00e4ytet\u00e4\u00e4n lehden tekoon sek\u00e4 kampanjan markkinointiin. Hinnoissa joudutaan huomioimaan noussut hintataso. Lehti toteutetaan, jos mukaan l\u00e4htee tarvittava m\u00e4\u00e4r\u00e4 ilmoittajia.<\/p>\n\n\n\n<p><\/p>\n\n\n\n<p><strong>Hinnat:<\/strong><\/p>\n\n\n\n<p>Aukeaman ilmoitus 3 800,00 \u20ac + alv 24 %<br>1-sivun ilmoitus 2 200,00 \u20ac + alv 24 %<br>\u00bd -sivun ilmoitus 1 700,00 \u20ac + alv 24 %<br>\u00bc -sivun ilmoitus 1 000,00 \u20ac + alv 24 %<br>Etusis\u00e4kansi 3 300,00 \u20ac + alv 24 %<br>Takasis\u00e4kansi 3 300,00 \u20ac + alv 24 %<br>Takakansi 3 500,00 \u20ac + alv 24 %<br>1-sivun advertoriaali* 2 800,00 \u20ac + alv 24 %<br>\u00bd -sivun advertoriaali* 2 300,00 \u20ac + alv 24 %<\/p>\n\n\n\n<p>*Advertoriaalihinta sis\u00e4lt\u00e4\u00e4 tekstin tuotannon \u2013 kuvat tuotetaan erikseen tai k\u00e4ytet\u00e4\u00e4n asiakkaan mediakuvia tai Tampere Tunnetuksi ry:n kuvapankkia.<\/p>\n\n\n\n<p><strong>Ilmoituspaikkojen varaus viimeist\u00e4\u00e4n:<\/strong> maanantaina 18.9.2023 <\/p>\n\n\n\n<p><strong>Ilmoitusten materiaalip\u00e4iv\u00e4 viimeist\u00e4\u00e4n:<\/strong> perjantaina 6.10.2023<\/p>\n\n\n\n<p>Tarkista aineisto-ohjeet ja muut ehdot:<\/p>\n\n\n\n<div data-wp-interactive=\"core\/file\" class=\"wp-block-file\"><object data-wp-bind--hidden=\"!state.hasPdfPreview\" hidden class=\"wp-block-file__embed\" data=\"https:\/\/rakastampere.fi\/jasenille\/wp-content\/uploads\/sites\/2\/2023\/08\/Mediakortti_joulukampanja-2023_Tampere-Tunnetuksi.pdf\" type=\"application\/pdf\" style=\"width:100%;height:600px\" aria-label=\"Tiedoston Mediakortti_joulukampanja-2023_Tampere-Tunnetuksi upotus.\"><\/object><a id=\"wp-block-file--media-7ecc1983-100d-482f-a5b1-cc9908583ea2\" href=\"https:\/\/rakastampere.fi\/jasenille\/wp-content\/uploads\/sites\/2\/2023\/08\/Mediakortti_joulukampanja-2023_Tampere-Tunnetuksi.pdf\">Mediakortti_joulukampanja-2023_Tampere-Tunnetuksi<\/a><a href=\"https:\/\/rakastampere.fi\/jasenille\/wp-content\/uploads\/sites\/2\/2023\/08\/Mediakortti_joulukampanja-2023_Tampere-Tunnetuksi.pdf\" class=\"wp-block-file__button wp-element-button\" download aria-describedby=\"wp-block-file--media-7ecc1983-100d-482f-a5b1-cc9908583ea2\">Lataa<\/a><\/div>\n\n\n\n<hr class=\"wp-block-separator has-alpha-channel-opacity\" \/>\n\n\n\n<h2 class=\"wp-block-heading\">KAUNEIN JOULUIKKUNA -kilpailu<\/h2>\n\n\n\n<p>Aikaisempinakin vuosina toteutettu Rakas Tampereen ja DesignOnTampereen suosittu tempaus kutsuu ihmisi\u00e4 k\u00e4velylle ja ostoksille keskustaan.<\/p>\n\n\n\n<p>Kilpailuun osallistuminen: ilmoittaudu mukaan ja luo yrityksesi n\u00e4k\u00f6inen ja tunnelmallinen n\u00e4yteikkunasomistus. Yhdistys tuottaa osallistujille numeroidut tarrat ikkunoihin ja luo kilpailun ymp\u00e4rille sosiaalisen median kampanjan. Yleis\u00f6 \u00e4\u00e4nest\u00e4\u00e4 n\u00e4yteikkunakilpailun voittajan. Osallistujien kesken arvotaan palkinto, yhdistys maksaa arvontaveron.<\/p>\n\n\n\n<p><strong>Osallistumishinta:<\/strong><\/p>\n\n\n\n<p><strong>50 \u20ac + alv 24 %<\/strong><\/p>\n\n\n\n<p>Kartta kohteista jaetaan joululehdess\u00e4 ja Rakas Tampere -verkkosivuilla. <\/p>\n\n\n\n<p>Kampanja-aika: 26.11.\u2014 24.12.2023<br>Kilpailupaikkojen varaus dl: keskiviikko 1.11.2023<\/p>\n\n\n\n<p><strong>HUOM! Syksyll\u00e4 2023 j\u00e4senille toteutetaan visualistin koulutus ikkunasomistusten teosta. Ilmoittaudu mukaan oheisella lomakkeella! Visualistin koulutusp\u00e4iv\u00e4 sijoittuu lokakuulle. Koulutuksen hinta on vain 20 \u20ac + alv 24 % \/ henkil\u00f6<\/strong>.  <\/p>\n\n\n\n<p><a href=\"https:\/\/rakastampere.fi\/jasenille\/visualistin-nayteikkunakoulutus\/\" title=\"Lue lis\u00e4\u00e4 ja ilmoittaudu\">Lue lis\u00e4\u00e4 ja ilmoittaudu<\/a><\/p>\n\n\n\n<hr class=\"wp-block-separator has-alpha-channel-opacity\" \/>\n\n\n\n<h2 class=\"wp-block-heading\"><strong>JOULUKALENTERI -arvonnat<\/strong><\/h2>\n\n\n\n<p>Aikaisempina vuosina toteutettu joulukalenteri toteutetaan my\u00f6s t\u00e4n\u00e4 vuonna! Kalenteripaikkoja on 24. Suosittu kalenteri on saanut ihmisi\u00e4 aktivoitumaan sosiaalisessa mediassa runsain mitoin ja se on yritykselle paikka kertoa itsest\u00e4\u00e4n. Kalenteri toteutetaan Rakas Tampereen Facebook\u2013 ja Instagram-kanavilla.<\/p>\n\n\n\n<p>Kilpailuun osallistuminen: ilmoittaudu mukaan ja luo yrityksesi n\u00e4k\u00f6inen kalenterikuva ja arvontateksti. Yhdistys hoitaa arvonnan sosiaalisen median kautta ja l\u00e4hett\u00e4\u00e4 tiedot voittajasta yritykselle, joka toimittaa palkinnon edelleen voittajalle. Osallistuva yritys huolehtii itse arvontaveron maksusta. Arvontavero on 30% palkinnon arvosta. <\/p>\n\n\n\n<p><strong>Osallistumishinta:<\/strong><\/p>\n\n\n\n<p><strong>50 \u20ac + alv 24 %<\/strong><\/p>\n\n\n\n<p><br>Kampanja-aika: 1.12.\u2014 24.12.2023<br>Kilpailupaikkojen varaus viimeist\u00e4\u00e4n: 15.11.2023, paikat varataan ilmoittautumisj\u00e4rjestyksess\u00e4.<\/p>\n\n\n\n<hr class=\"wp-block-separator has-alpha-channel-opacity\" \/>\n\n\n\n<h2 class=\"wp-block-heading\">JOULUNAVAUS JA JOULUPARAATI <\/h2>\n\n\n\n<p>Perinteinen joulun avaus j\u00e4rjestet\u00e4\u00e4n sunnuntaina 26.11.2023<br>Ohjelmassa on paraatin lis\u00e4ksi tapahtumaa Keskustorilla.<\/p>\n\n\n\n<p>Levit\u00e4 hyv\u00e4\u00e4 mielt\u00e4 ja ker\u00e4\u00e4 yrityksen jouluinen porukka mukaan pukkiparaatiin!<\/p>\n\n\n\n<ul class=\"wp-block-list\">\n<li>Paraatiin voivat tulla mukaan yhteis\u00f6t, harrasteporukat tai yrityksen edustajat.<\/li>\n\n\n\n<li>Vaatimuksina: ryhm\u00e4n koko v\u00e4hint\u00e4\u00e4n 5 henkil\u00f6\u00e4 \/ el\u00e4int\u00e4. Iloinen joulumieli tulee n\u00e4ky\u00e4!<\/li>\n<\/ul>\n\n\n\n<p>Ilmoittautuminen paraatiin viimeist\u00e4\u00e4n perjantaihin 10.11.2023 menness\u00e4.<br><\/p>\n\n\n\n<p>T\u00e4m\u00e4n lis\u00e4ksi Keskustorin Joulutorin m\u00f6kkeihin mahdollisuus neuvotella myyntipaikkaa joulun avauksen ajaksi. Jos t\u00e4m\u00e4 kiinnostaa, ota yhteytt\u00e4 tuottajaan.<\/p>\n\n\n\n<div class=\"wp-block-buttons is-layout-flex wp-block-buttons-is-layout-flex\">\n<div class=\"wp-block-button\"><a class=\"wp-block-button__link wp-element-button\" href=\"https:\/\/rakastampere.fi\/jasenille\/yhteys\/\">Yhteystiedot<\/a><\/div>\n<\/div>\n\n\n\n","protected":false},"excerpt":{"rendered":"<p>Tampere Tunnetuksi ry:n kutsuu kaikkia j\u00e4seni\u00e4\u00e4n kampanjoimaan jouluna 2023. Luodaan j\u00e4lleen yhdess\u00e4 kutsuva Tampereen ydinkeskusta, jossa on niin tunnelmallisia paikkoja, mukaansa tempaavia tapahtumia ja ostoskohteitakin. Joulun markkinointikokonaisuus koostuu nelj\u00e4st\u00e4 osasta: L\u00e4hde mukaan kampanjaan: Ilmoittautumislomake on sivun alaosassa. JOULULEHTI Rakas Tampere julkaisee joululehden, joka jaetaan keskiviikkona 22.11.2023 Pirkanmaalla sijaitseviin talouksiin. Painos on 170000. T\u00e4m\u00e4n lis\u00e4ksi tuhansia [&hellip;]<\/p>\n","protected":false},"author":5,"featured_media":0,"parent":0,"menu_order":0,"comment_status":"closed","ping_status":"closed","template":"","meta":{"_acf_changed":false,"content-type":"","footnotes":""},"class_list":["post-353","page","type-page","status-publish","hentry"],"acf":[],"aioseo_notices":[],"_links":{"self":[{"href":"https:\/\/rakastampere.fi\/jasenille\/wp-json\/wp\/v2\/pages\/353","targetHints":{"allow":["GET"]}}],"collection":[{"href":"https:\/\/rakastampere.fi\/jasenille\/wp-json\/wp\/v2\/pages"}],"about":[{"href":"https:\/\/rakastampere.fi\/jasenille\/wp-json\/wp\/v2\/types\/page"}],"author":[{"embeddable":true,"href":"https:\/\/rakastampere.fi\/jasenille\/wp-json\/wp\/v2\/users\/5"}],"replies":[{"embeddable":true,"href":"https:\/\/rakastampere.fi\/jasenille\/wp-json\/wp\/v2\/comments?post=353"}],"version-history":[{"count":21,"href":"https:\/\/rakastampere.fi\/jasenille\/wp-json\/wp\/v2\/pages\/353\/revisions"}],"predecessor-version":[{"id":511,"href":"https:\/\/rakastampere.fi\/jasenille\/wp-json\/wp\/v2\/pages\/353\/revisions\/511"}],"wp:attachment":[{"href":"https:\/\/rakastampere.fi\/jasenille\/wp-json\/wp\/v2\/media?parent=353"}],"curies":[{"name":"wp","href":"https:\/\/api.w.org\/{rel}","templated":true}]}}