{"id":1395,"date":"2025-04-23T11:15:46","date_gmt":"2025-04-23T08:15:46","guid":{"rendered":"https:\/\/rakastampere.fi\/jasenille\/?page_id=1395"},"modified":"2025-04-23T13:54:07","modified_gmt":"2025-04-23T10:54:07","slug":"keskustan-tyomaat","status":"publish","type":"page","link":"https:\/\/rakastampere.fi\/jasenille\/keskustan-tyomaat\/","title":{"rendered":"Keskustan ty\u00f6maat"},"content":{"rendered":"\n<p>Tampereen keskustan alue on kehittynyt runsaasti viimeisen kymmenen vuoden aikana. Olemme saaneet uusia hienoja kohteita sek\u00e4 liikenteen v\u00e4yli\u00e4 on uudistettu ja parannettu. Tampereen ydinkeskustan kehitt\u00e4minen ja palveluiden parantaminen vaativat kuitenkin rakentamista ja rakentamisen aika tuo muutoksia arkeen sek\u00e4 saattaa aiheuttaa haittoja. <\/p>\n\n\n\n<p>Kev\u00e4\u00e4ll\u00e4 2025 alkoi kaksi suurta hanketta keskustassa kun V\u00e4yl\u00e4virasto parantaa Suomen vilkkaimman henkil\u00f6ratapihan j\u00e4rjestelyist\u00e4 sek\u00e4 kun raitiotieverkoston laajennusty\u00f6t alkoivat kohti Pirkkalaa. Suurena keskustan parantamisty\u00f6n\u00e4 k\u00e4ynnistyi my\u00f6s Puutarhakadun remontti, jossa korjataan maanpinnan alla olevat putkistot ja tehd\u00e4\u00e4n pinnalle uusi Puutarhakatu.<\/p>\n\n\n\n<p>Pienempi\u00e4 rakennushankkeita on k\u00e4ynniss\u00e4 kuten talojen julkisivuremontteja, pistem\u00e4isi\u00e4 vesi- ja kaukol\u00e4mm\u00f6n korjauksia sek\u00e4 katuverkon korjauksia ja kunnossapidolla pienempi\u00e4 vikojen korjauksia.<\/p>\n\n\n\n<p>Tampereen kehitt\u00e4minen onneksi jatkuu. Kaupungin hankesivuilta on hyv\u00e4 k\u00e4yd\u00e4 tutkimassa millaisia ajatuksia keskustan alueelle on suunniteltu. Rautatien alueen kehitt\u00e4misest\u00e4 puhutaan Asemakortteleina ja t\u00e4lle kokonaisuudelle on julkaistu huhtikuussa 2025 <a href=\"https:\/\/asemakorttelit.tampere.fi\" target=\"_blank\" rel=\"noopener\" title=\"\">oma sivusto<\/a>, johon kootaan suunnitelmia ja uutisia k\u00e4ynniss\u00e4 olevista hankkeista. <\/p>\n\n\n\n<h4 class=\"wp-block-heading\">TY\u00d6MAALISTAUS<\/h4>\n\n\n\n<p><strong>LISTA TIEDOSSA OLEVISTA TY\u00d6MAISTA TAMPEREEN KESKUSTASSA JA LINKIT TY\u00d6MAIDEN SIVUILLE<\/strong><br>Lista tiedossa olevista ty\u00f6maista Tampereen keskustassa ja linkit ty\u00f6maiden sivuille, joissa tarkat tiedot ty\u00f6maista. Saatteena Tampere Tunnetuksi ry:n toiminnanjohtajan selite mit\u00e4 ty\u00f6ss\u00e4 tehd\u00e4\u00e4n.<\/p>\n\n\n\n<h5 class=\"wp-block-heading has-blue-color has-text-color has-link-color wp-elements-190c7eb24d02bbb729a76e589884f94d\">HENKIL\u00d6RATAPIHA<\/h5>\n\n\n\n<p>Suomen vilkkain junanvaihtopaikka on Tampereen henkil\u00f6ratapiha. Junalaitureiden lis\u00e4\u00e4minen henkil\u00f6junille, junien siivouspys\u00e4kin siirt\u00e4minen, siltojen suurentaminen ett\u00e4 raiteet mahtuvat (Erkkil\u00e4nsilta). Lis\u00e4ksi uudistetaan koko rautatieasema sis\u00e4tiloista ja tehd\u00e4\u00e4n uusi ratikkapys\u00e4kki Itsen\u00e4isyydenkadun tunneliin, josta p\u00e4\u00e4see suoraan laitureille. Ty\u00f6t kest\u00e4v\u00e4t viisi vuotta koska junaliikennett\u00e4 ja raitiotien liikennett\u00e4 ei pys\u00e4ytet\u00e4. Henkil\u00f6ratpiha-remontin ty\u00f6maan aikaiset liikennej\u00e4rjestelyt ovat hyvin pysyvi\u00e4.<\/p>\n\n\n\n<p>Henkil\u00f6ratpiha &#8211; <a href=\"https:\/\/vayla.fi\/tampereen-henkiloratapiha\" target=\"_blank\" rel=\"noopener\" title=\"\">kotisivut ja tarkat kartat<\/a><br>Henkil\u00f6ratapiha &#8211; <a href=\"https:\/\/www.facebook.com\/Tampereen.henkiloratapiha\" target=\"_blank\" rel=\"noopener\" title=\"\">facebook<\/a><\/p>\n\n\n\n<h5 class=\"wp-block-heading has-blue-color has-text-color has-link-color wp-elements-2e59c966de5000fde0c1420c4466bae8\">PIRKKALA-LINNAINMAA RAITIOTIE<\/h5>\n\n\n\n<p>Raitiotieverkosto laajenee ja yh\u00e4 useampi tulee p\u00e4\u00e4sem\u00e4\u00e4n entist\u00e4 helpommin keskustan palveluiden \u00e4\u00e4reen. Raitiotie rakentuu Hatanp\u00e4\u00e4n valtiet\u00e4 pitkin kohden Pirkkalan Partolaa. Toisessa p\u00e4\u00e4ss\u00e4 raitiotielinja etenee Taysilta kohden Linnainmaata.<br>Raitiotiety\u00f6maan liikennej\u00e4rjestelyt ja poikkeusreitit muuttuvat t\u00f6iden edetess\u00e4. Hankkeen kotisivuilla ja somekanavilla kerrotaan n\u00e4ist\u00e4, ota seurantaan jotta tied\u00e4t jokap\u00e4iv\u00e4iset reitit.<\/p>\n\n\n\n<p>Tampereen ratikka Pirkkala-Linnainmaa &#8211; <a href=\"https:\/\/pirkkalalinnainmaa.fi\/kaikki-tiedotteet\/\" target=\"_blank\" rel=\"noopener\" title=\"\">kotisivut<\/a> <br>Tampereen ratikka Pirkkala-Linnainmaa &#8211; <a href=\"https:\/\/www.facebook.com\/pirkkalalinnainmaa\/\" target=\"_blank\" rel=\"noopener\" title=\"\">facebook<\/a><br>Tampereen ratikka Pirkkala-Linnainmaa &#8211; <a href=\"https:\/\/www.instagram.com\/pirkkalalinnainmaa\/\" target=\"_blank\" rel=\"noopener\" title=\"\">instagram<\/a><\/p>\n\n\n\n<h5 class=\"wp-block-heading has-blue-color has-text-color has-link-color wp-elements-f2d9e78b389213b64e48cebbb6297714\">PUUTARHAKATU<\/h5>\n\n\n\n<p>H\u00e4meenpuisto-Keskustori -v\u00e4lill\u00e4 p\u00e4ivitet\u00e4\u00e4n laajasti maan alla oleva kunnallistekniikka. Puutarhakatu uudistetaan my\u00f6s maanpinnan osalta. Ty\u00f6 tehd\u00e4\u00e4n pisteitt\u00e4in kun tiell\u00e4 p\u00e4\u00e4see aina kulkemaan yrityksiin ja koteihin. Ty\u00f6maalla on infosivusto jossa on kuvia loppuratkaisusta. Ty\u00f6maalta voi tilata viikottaisen s\u00e4hk\u00f6posti \/ wa-tiedotteen jotta tied\u00e4t miten ty\u00f6maa etenee.<\/p>\n\n\n\n<p>Puutarhakadun remontti &#8211; <a href=\"https:\/\/www.tampere.fi\/puutarhakatu\" target=\"_blank\" rel=\"noopener\" title=\"\">kotisivut<\/a><br>Puutarhakadun wa-ryhm\u00e4 &#8211; <a href=\"https:\/\/chat.whatsapp.com\/IT4gBzYXTSs2j8YudeKKWV\" target=\"_blank\" rel=\"noopener\" title=\"\">liittymislinkki<\/a><\/p>\n\n\n\n<p><\/p>\n\n\n\n<hr class=\"wp-block-separator has-alpha-channel-opacity\"\/>\n\n\n\n<p>Tampereen vesi &#8211; <a href=\"https:\/\/trevesi.tampere.fi\/hairiokartta\/\" target=\"_blank\" rel=\"noopener\" title=\"\">h\u00e4iri\u00f6kartta<\/a><br>Tampereen energia &#8211; <a href=\"https:\/\/www.tampereenenergia.fi\/yhteystiedot\/asiakaspalvelu\/vikapalvelu-24-7\/hairiot\/\" target=\"_blank\" rel=\"noopener\" title=\"\">h\u00e4iri\u00f6kartta<\/a><br>Tampereen kaupunki &#8211; <a href=\"https:\/\/is.ramboll.fi\/tre_yllapito_palaute\/\" target=\"_blank\" rel=\"noopener\" title=\"\">kunnossapidon vikailmoituskartta<\/a> (n\u00e4kee mist\u00e4 on jo annettu palautetta)<br>Tampereen Asemakorttelit &#8211; <a href=\"https:\/\/asemakorttelit.tampere.fi\" target=\"_blank\" rel=\"noopener\" title=\"\">koti- ja infosivut<\/a><br>Viiden t\u00e4hden keskusta &#8211; <a href=\"https:\/\/www.tampere.fi\/organisaatio\/viiden-tahden-keskusta-kehitysohjelma\" target=\"_blank\" rel=\"noopener\" title=\"\">tulevien hankkeiden esittelyt<\/a><\/p>\n","protected":false},"excerpt":{"rendered":"<p>Tampereen keskustan alue on kehittynyt runsaasti viimeisen kymmenen vuoden aikana. Olemme saaneet uusia hienoja kohteita sek\u00e4 liikenteen v\u00e4yli\u00e4 on uudistettu ja parannettu. Tampereen ydinkeskustan kehitt\u00e4minen ja palveluiden parantaminen vaativat kuitenkin rakentamista ja rakentamisen aika tuo muutoksia arkeen sek\u00e4 saattaa aiheuttaa haittoja. Kev\u00e4\u00e4ll\u00e4 2025 alkoi kaksi suurta hanketta keskustassa kun V\u00e4yl\u00e4virasto parantaa Suomen vilkkaimman henkil\u00f6ratapihan j\u00e4rjestelyist\u00e4 [&hellip;]<\/p>\n","protected":false},"author":4,"featured_media":0,"parent":0,"menu_order":0,"comment_status":"closed","ping_status":"closed","template":"","meta":{"_acf_changed":false,"content-type":"","footnotes":""},"class_list":["post-1395","page","type-page","status-publish","hentry"],"acf":[],"aioseo_notices":[],"_links":{"self":[{"href":"https:\/\/rakastampere.fi\/jasenille\/wp-json\/wp\/v2\/pages\/1395","targetHints":{"allow":["GET"]}}],"collection":[{"href":"https:\/\/rakastampere.fi\/jasenille\/wp-json\/wp\/v2\/pages"}],"about":[{"href":"https:\/\/rakastampere.fi\/jasenille\/wp-json\/wp\/v2\/types\/page"}],"author":[{"embeddable":true,"href":"https:\/\/rakastampere.fi\/jasenille\/wp-json\/wp\/v2\/users\/4"}],"replies":[{"embeddable":true,"href":"https:\/\/rakastampere.fi\/jasenille\/wp-json\/wp\/v2\/comments?post=1395"}],"version-history":[{"count":20,"href":"https:\/\/rakastampere.fi\/jasenille\/wp-json\/wp\/v2\/pages\/1395\/revisions"}],"predecessor-version":[{"id":1440,"href":"https:\/\/rakastampere.fi\/jasenille\/wp-json\/wp\/v2\/pages\/1395\/revisions\/1440"}],"wp:attachment":[{"href":"https:\/\/rakastampere.fi\/jasenille\/wp-json\/wp\/v2\/media?parent=1395"}],"curies":[{"name":"wp","href":"https:\/\/api.w.org\/{rel}","templated":true}]}}